{"id":448,"date":"2023-03-28T18:41:33","date_gmt":"2023-03-28T16:41:33","guid":{"rendered":"https:\/\/www.cristinagestido.com\/?page_id=448"},"modified":"2024-01-09T19:50:01","modified_gmt":"2024-01-09T18:50:01","slug":"bio","status":"publish","type":"page","link":"https:\/\/www.cristinagestido.com\/en\/bio\/","title":{"rendered":"organic"},"content":{"rendered":"<div data-elementor-type=\"wp-page\" data-elementor-id=\"448\" class=\"elementor elementor-448\" data-elementor-post-type=\"page\">\n\t\t\t\t\t\t<section class=\"elementor-section elementor-top-section elementor-element elementor-element-17bb706 elementor-section-boxed elementor-section-height-default elementor-section-height-default\" data-id=\"17bb706\" data-element_type=\"section\">\n\t\t\t\t\t\t<div class=\"elementor-container elementor-column-gap-default\">\n\t\t\t\t\t<div class=\"elementor-column elementor-col-100 elementor-top-column elementor-element elementor-element-55f5326\" data-id=\"55f5326\" data-element_type=\"column\">\n\t\t\t<div class=\"elementor-widget-wrap elementor-element-populated\">\n\t\t\t\t\t\t<div class=\"elementor-element elementor-element-c1332b0 elementor-invisible elementor-widget elementor-widget-heading\" data-id=\"c1332b0\" data-element_type=\"widget\" data-settings=\"{&quot;_animation&quot;:&quot;fadeInUp&quot;}\" data-widget_type=\"heading.default\">\n\t\t\t\t<div class=\"elementor-widget-container\">\n\t\t\t\t\t<h1 class=\"elementor-heading-title elementor-size-default\"><h1 class=\"elementor-heading-title elementor-size-default elementor-inline-editing pen\" data-elementor-setting-key=\"title\" data-pen-placeholder=\"Teclea aqu\u00ed...\" style=\"letter-spacing: normal\"><h1 class=\"elementor-heading-title elementor-size-default elementor-inline-editing pen\" data-elementor-setting-key=\"title\" data-pen-placeholder=\"Teclea aqu\u00ed...\" style=\"font-family: Kanit, sans-serif;letter-spacing: normal\">Biography<\/h1><\/h1><\/h1>\t\t\t\t<\/div>\n\t\t\t\t<\/div>\n\t\t\t\t<div class=\"elementor-element elementor-element-1191590 elementor-widget-divider--view-line elementor-widget elementor-widget-divider\" data-id=\"1191590\" data-element_type=\"widget\" data-widget_type=\"divider.default\">\n\t\t\t\t<div class=\"elementor-widget-container\">\n\t\t\t\t\t\t\t<div class=\"elementor-divider\">\n\t\t\t<span class=\"elementor-divider-separator\">\n\t\t\t\t\t\t<\/span>\n\t\t<\/div>\n\t\t\t\t\t\t<\/div>\n\t\t\t\t<\/div>\n\t\t\t\t\t<\/div>\n\t\t<\/div>\n\t\t\t\t\t<\/div>\n\t\t<\/section>\n\t\t\t\t<section class=\"elementor-section elementor-top-section elementor-element elementor-element-bacf4fe elementor-section-boxed elementor-section-height-default elementor-section-height-default\" data-id=\"bacf4fe\" data-element_type=\"section\">\n\t\t\t\t\t\t<div class=\"elementor-container elementor-column-gap-default\">\n\t\t\t\t\t<div class=\"elementor-column elementor-col-50 elementor-top-column elementor-element elementor-element-a99d507\" data-id=\"a99d507\" data-element_type=\"column\">\n\t\t\t<div class=\"elementor-widget-wrap elementor-element-populated\">\n\t\t\t\t\t\t<div class=\"elementor-element elementor-element-93ed4af elementor-widget elementor-widget-text-editor\" data-id=\"93ed4af\" data-element_type=\"widget\" data-widget_type=\"text-editor.default\">\n\t\t\t\t<div class=\"elementor-widget-container\">\n\t\t\t\t\t\t\t\t\t<p class=\"s4\"><span class=\"s5\" style=\"color: var( --e-global-color-text ); font-family: var( --e-global-typography-text-font-family ), Sans-serif; font-size: var( --e-global-typography-text-font-size ); font-weight: var( --e-global-typography-text-font-weight );\">He was born in Oviedo where he began his piano, violin and viola studies. After his training at the Oviedo Conservatory, he moved to London to continue his higher studies and a Master&#039;s in viola performance at the Royal <\/span><span class=\"s5\" style=\"color: var( --e-global-color-text ); font-family: var( --e-global-typography-text-font-family ), Sans-serif; font-size: var( --e-global-typography-text-font-size ); font-weight: var( --e-global-typography-text-font-weight );\">College<\/span> <span class=\"s5\" style=\"color: var( --e-global-color-text ); font-family: var( --e-global-typography-text-font-family ), Sans-serif; font-size: var( --e-global-typography-text-font-size ); font-weight: var( --e-global-typography-text-font-weight );\">of<\/span><span class=\"s5\" style=\"color: var( --e-global-color-text ); font-family: var( --e-global-typography-text-font-family ), Sans-serif; font-size: var( --e-global-typography-text-font-size ); font-weight: var( --e-global-typography-text-font-weight );\"> Music under the tutelage of <\/span><span class=\"s5\" style=\"color: var( --e-global-color-text ); font-family: var( --e-global-typography-text-font-family ), Sans-serif; font-size: var( --e-global-typography-text-font-size ); font-weight: var( --e-global-typography-text-font-weight );\">Andriy<\/span> <span class=\"s5\" style=\"color: var( --e-global-color-text ); font-family: var( --e-global-typography-text-font-family ), Sans-serif; font-size: var( --e-global-typography-text-font-size ); font-weight: var( --e-global-typography-text-font-weight );\">Viytovych<\/span><span class=\"s5\" style=\"color: var( --e-global-color-text ); font-family: var( --e-global-typography-text-font-family ), Sans-serif; font-size: var( --e-global-typography-text-font-size ); font-weight: var( --e-global-typography-text-font-weight );\"> and Lawrence <\/span><span class=\"s5\" style=\"color: var( --e-global-color-text ); font-family: var( --e-global-typography-text-font-family ), Sans-serif; font-size: var( --e-global-typography-text-font-size ); font-weight: var( --e-global-typography-text-font-weight );\">power<\/span><span class=\"s5\" style=\"color: var( --e-global-color-text ); font-family: var( --e-global-typography-text-font-family ), Sans-serif; font-size: var( --e-global-typography-text-font-size ); font-weight: var( --e-global-typography-text-font-weight );\">. During his studies, he received awards and scholarships from the Pedro Barri\u00e9 de la Maza Foundation, Alvargonz\u00e1lez Foundation, Asturias Savings Bank, EMI Foundation, Royal <\/span><span class=\"s5\" style=\"color: var( --e-global-color-text ); font-family: var( --e-global-typography-text-font-family ), Sans-serif; font-size: var( --e-global-typography-text-font-size ); font-weight: var( --e-global-typography-text-font-weight );\">College<\/span> <span class=\"s5\" style=\"color: var( --e-global-color-text ); font-family: var( --e-global-typography-text-font-family ), Sans-serif; font-size: var( --e-global-typography-text-font-size ); font-weight: var( --e-global-typography-text-font-weight );\">Foundation<\/span> <span class=\"s5\" style=\"color: var( --e-global-color-text ); font-family: var( --e-global-typography-text-font-family ), Sans-serif; font-size: var( --e-global-typography-text-font-size ); font-weight: var( --e-global-typography-text-font-weight );\">student<\/span><span class=\"s5\" style=\"color: var( --e-global-color-text ); font-family: var( --e-global-typography-text-font-family ), Sans-serif; font-size: var( --e-global-typography-text-font-size ); font-weight: var( --e-global-typography-text-font-weight );\">, Wolfson <\/span><span class=\"s5\" style=\"color: var( --e-global-color-text ); font-family: var( --e-global-typography-text-font-family ), Sans-serif; font-size: var( --e-global-typography-text-font-size ); font-weight: var( --e-global-typography-text-font-weight );\">Foundation<\/span><span class=\"s5\" style=\"color: var( --e-global-color-text ); font-family: var( --e-global-typography-text-font-family ), Sans-serif; font-size: var( --e-global-typography-text-font-size ); font-weight: var( --e-global-typography-text-font-weight );\">, and the IEA. In turn, he has received master classes from violists and m<\/span><span class=\"s5\" style=\"color: var( --e-global-color-text ); font-family: var( --e-global-typography-text-font-family ), Sans-serif; font-size: var( --e-global-typography-text-font-size ); font-weight: var( --e-global-typography-text-font-weight );\">or<\/span><span class=\"s5\" style=\"color: var( --e-global-color-text ); font-family: var( --e-global-typography-text-font-family ), Sans-serif; font-size: var( --e-global-typography-text-font-size ); font-weight: var( --e-global-typography-text-font-weight );\">renowned musicians like Bernard <\/span><span class=\"s5\" style=\"color: var( --e-global-color-text ); font-family: var( --e-global-typography-text-font-family ), Sans-serif; font-size: var( --e-global-typography-text-font-size ); font-weight: var( --e-global-typography-text-font-weight );\">Greenhouse<\/span><span class=\"s5\" style=\"color: var( --e-global-color-text ); font-family: var( --e-global-typography-text-font-family ), Sans-serif; font-size: var( --e-global-typography-text-font-size ); font-weight: var( --e-global-typography-text-font-weight );\">, Bruno <\/span><span class=\"s5\" style=\"color: var( --e-global-color-text ); font-family: var( --e-global-typography-text-font-family ), Sans-serif; font-size: var( --e-global-typography-text-font-size ); font-weight: var( --e-global-typography-text-font-weight );\">Giurana<\/span><span class=\"s5\" style=\"color: var( --e-global-color-text ); font-family: var( --e-global-typography-text-font-family ), Sans-serif; font-size: var( --e-global-typography-text-font-size ); font-weight: var( --e-global-typography-text-font-weight );\">, Wilfred <\/span><span class=\"s5\" style=\"color: var( --e-global-color-text ); font-family: var( --e-global-typography-text-font-family ), Sans-serif; font-size: var( --e-global-typography-text-font-size ); font-weight: var( --e-global-typography-text-font-weight );\">Strehele<\/span><span class=\"s5\" style=\"color: var( --e-global-color-text ); font-family: var( --e-global-typography-text-font-family ), Sans-serif; font-size: var( --e-global-typography-text-font-size ); font-weight: var( --e-global-typography-text-font-weight );\">, Gordan <\/span><span class=\"s5\" style=\"color: var( --e-global-color-text ); font-family: var( --e-global-typography-text-font-family ), Sans-serif; font-size: var( --e-global-typography-text-font-size ); font-weight: var( --e-global-typography-text-font-weight );\">Nikolitch<\/span><span class=\"s5\" style=\"color: var( --e-global-color-text ); font-family: var( --e-global-typography-text-font-family ), Sans-serif; font-size: var( --e-global-typography-text-font-size ); font-weight: var( --e-global-typography-text-font-weight );\">, Joey Corpus, among others.<\/span><\/p><p class=\"s4\"><span class=\"s5\">After finishing his studies, he began working with the Royal <\/span><span class=\"s5\">Philharmonic<\/span> <span class=\"s5\">Concert\u00a0<\/span><span class=\"s5\">Orchestra<\/span><span class=\"s5\"> from London doing numerous world tours. He has worked and collaborated with orchestras such as the Royal Opera House <\/span><span class=\"s5\">Covent\u00a0<\/span><span class=\"s5\">London Garden, London Philharmonic Orchestra, Scottish Chamber Orchestra, <\/span><span class=\"s5\">Orchestra<\/span> <span class=\"s5\">of<\/span> <span class=\"s5\">the<\/span><span class=\"s5\"> age <\/span><span class=\"s5\">of<\/span> <span class=\"s5\">Enlightenment<\/span><span class=\"s5\">, National Orchestra of Spain, <\/span><span class=\"s5\">RTVE Orchestra, <\/span><span class=\"s5\">Orchestra of Cadaqu\u00e9s, Opera del Liceo de Barcelona, Symphony Orchestra of<\/span><span class=\"s5\"> Castile and Leon<\/span><span class=\"s5\">, <\/span><span class=\"s5\">Symphony Orchestra of the Principality of Asturias, Bilbao Symphony Orchestra, <\/span><span class=\"s5\">Granada City Orchestra, Galician Philharmonic, <\/span><span class=\"s5\">Bandart<\/span><span class=\"s5\">, among other. <\/span><\/p><p class=\"s4\"><span class=\"s5\">He combines his orchestral work with chamber music as a founding member of the <\/span><span class=\"s3\">enol<\/span><span class=\"s3\"> Ensemble<\/span><span class=\"s5\">, participating in chamber music festivals such as<\/span><span class=\"s5\"> Vital Foundation, various Philharmonic Societies of the Spanish geography (Oviedo, Gij\u00f3n, Monforte), Princess of Asturias Awards, <\/span><span class=\"s5\">The<\/span> <span class=\"s5\">Scoop<\/span><span class=\"s5\">in London, Le\u00f3n Spanish Music Festival,<\/span><span class=\"s5\">\u00a0among others<\/span><span class=\"s5\">. As a soloist, he has given recitals together<\/span> <span class=\"s5\">to the pianists Luis Par<\/span><span class=\"s5\">and<\/span><span class=\"s5\">s, Alba Ventura and Mario Bernardo in halls such as Fundaci<\/span><span class=\"s5\">either<\/span><span class=\"s5\">n Juan March of Madrid, <\/span><span class=\"s5\">Jes\u00fas L\u00f3pez Cobos de Toro International Festival, Niemeyer Center in Avil\u00e9s, <\/span><span class=\"s5\">Oviedo Summer Festival, Oviedo Philharmonic Theater, Jovellanos de Gij\u00f3n, Salas Barri\u00e9 de la Maza (Vigo and A Coru\u00f1a) and San Martin in-<\/span><span class=\"s5\">the<\/span><span class=\"s5\">&#8211;<\/span><span class=\"s5\">fields<\/span><span class=\"s5\"> or St James&#039; <\/span><span class=\"s5\">picadilly<\/span><span class=\"s5\"> in London among others. <\/span><span class=\"s5\">Among his upcoming commitments with Mario Bernardo is<\/span><span class=\"s5\">to the recording of an album with a Spanish viola repertoire.<\/span><\/p><p class=\"s13\">\u00a0<\/p>\t\t\t\t\t\t\t\t<\/div>\n\t\t\t\t<\/div>\n\t\t\t\t\t<\/div>\n\t\t<\/div>\n\t\t\t\t<div class=\"elementor-column elementor-col-50 elementor-top-column elementor-element elementor-element-2eac94b\" data-id=\"2eac94b\" data-element_type=\"column\" data-settings=\"{&quot;background_background&quot;:&quot;classic&quot;}\">\n\t\t\t<div class=\"elementor-widget-wrap elementor-element-populated\">\n\t\t\t\t\t\t<div class=\"elementor-element elementor-element-13a1a91 elementor-widget elementor-widget-image\" data-id=\"13a1a91\" data-element_type=\"widget\" data-widget_type=\"image.default\">\n\t\t\t\t<div class=\"elementor-widget-container\">\n\t\t\t\t\t\t\t\t\t\t\t\t\t\t\t<img fetchpriority=\"high\" decoding=\"async\" width=\"1065\" height=\"1772\" src=\"https:\/\/www.cristinagestido.com\/wp-content\/uploads\/2023\/08\/gestidobio.jpg\" class=\"attachment-full size-full wp-image-1190\" alt=\"\" srcset=\"https:\/\/www.cristinagestido.com\/wp-content\/uploads\/2023\/08\/gestidobio.jpg 1065w, https:\/\/www.cristinagestido.com\/wp-content\/uploads\/2023\/08\/gestidobio-180x300.jpg 180w, https:\/\/www.cristinagestido.com\/wp-content\/uploads\/2023\/08\/gestidobio-615x1024.jpg 615w, https:\/\/www.cristinagestido.com\/wp-content\/uploads\/2023\/08\/gestidobio-768x1278.jpg 768w, https:\/\/www.cristinagestido.com\/wp-content\/uploads\/2023\/08\/gestidobio-923x1536.jpg 923w, https:\/\/www.cristinagestido.com\/wp-content\/uploads\/2023\/08\/gestidobio-7x12.jpg 7w\" sizes=\"(max-width: 1065px) 100vw, 1065px\" \/>\t\t\t\t\t\t\t\t\t\t\t\t\t\t\t<\/div>\n\t\t\t\t<\/div>\n\t\t\t\t\t<\/div>\n\t\t<\/div>\n\t\t\t\t\t<\/div>\n\t\t<\/section>\n\t\t\t\t<section class=\"elementor-section elementor-top-section elementor-element elementor-element-9f4f3e3 elementor-section-boxed elementor-section-height-default elementor-section-height-default\" data-id=\"9f4f3e3\" data-element_type=\"section\">\n\t\t\t\t\t\t<div class=\"elementor-container elementor-column-gap-default\">\n\t\t\t\t\t<div class=\"elementor-column elementor-col-100 elementor-top-column elementor-element elementor-element-9c0cb37\" data-id=\"9c0cb37\" data-element_type=\"column\">\n\t\t\t<div class=\"elementor-widget-wrap elementor-element-populated\">\n\t\t\t\t\t\t<div class=\"elementor-element elementor-element-1401451 elementor-widget elementor-widget-text-editor\" data-id=\"1401451\" data-element_type=\"widget\" data-widget_type=\"text-editor.default\">\n\t\t\t\t<div class=\"elementor-widget-container\">\n\t\t\t\t\t\t\t\t\t<p class=\"s4\"><span class=\"s5\" style=\"color: var( --e-global-color-text ); font-family: var( --e-global-typography-text-font-family ), Sans-serif; font-size: var( --e-global-typography-text-font-size ); font-weight: var( --e-global-typography-text-font-weight );\">As a studio session musician, he has recorded numerous soundtracks in studios. <\/span><span class=\"s5\" style=\"color: var( --e-global-color-text ); font-family: var( --e-global-typography-text-font-family ), Sans-serif; font-size: var( --e-global-typography-text-font-size ); font-weight: var( --e-global-typography-text-font-weight );\">Abbey<\/span><span class=\"s5\" style=\"color: var( --e-global-color-text ); font-family: var( --e-global-typography-text-font-family ), Sans-serif; font-size: var( --e-global-typography-text-font-size ); font-weight: var( --e-global-typography-text-font-weight );\"> Road and AIR Studios in London and has worked with artists such as Sting, <\/span><span class=\"s5\" style=\"color: var( --e-global-color-text ); font-family: var( --e-global-typography-text-font-family ), Sans-serif; font-size: var( --e-global-typography-text-font-size ); font-weight: var( --e-global-typography-text-font-weight );\">dominic<\/span><span class=\"s5\" style=\"color: var( --e-global-color-text ); font-family: var( --e-global-typography-text-font-family ), Sans-serif; font-size: var( --e-global-typography-text-font-size ); font-weight: var( --e-global-typography-text-font-weight );\"> Miller, Russell Watson, <\/span><span class=\"s5\" style=\"color: var( --e-global-color-text ); font-family: var( --e-global-typography-text-font-family ), Sans-serif; font-size: var( --e-global-typography-text-font-size ); font-weight: var( --e-global-typography-text-font-weight );\">jonas<\/span><span class=\"s5\" style=\"color: var( --e-global-color-text ); font-family: var( --e-global-typography-text-font-family ), Sans-serif; font-size: var( --e-global-typography-text-font-size ); font-weight: var( --e-global-typography-text-font-weight );\"> Blue, Maika <\/span><span class=\"s5\" style=\"color: var( --e-global-color-text ); font-family: var( --e-global-typography-text-font-family ), Sans-serif; font-size: var( --e-global-typography-text-font-size ); font-weight: var( --e-global-typography-text-font-weight );\">Makovsky<\/span><span class=\"s5\" style=\"color: var( --e-global-color-text ); font-family: var( --e-global-typography-text-font-family ), Sans-serif; font-size: var( --e-global-typography-text-font-size ); font-weight: var( --e-global-typography-text-font-weight );\">, David Bisbal, <\/span><span class=\"s5\" style=\"color: var( --e-global-color-text ); font-family: var( --e-global-typography-text-font-family ), Sans-serif; font-size: var( --e-global-typography-text-font-size ); font-weight: var( --e-global-typography-text-font-weight );\">chick<\/span><span class=\"s5\" style=\"color: var( --e-global-color-text ); font-family: var( --e-global-typography-text-font-family ), Sans-serif; font-size: var( --e-global-typography-text-font-size ); font-weight: var( --e-global-typography-text-font-weight );\"> Korea, <\/span><span class=\"s5\" style=\"color: var( --e-global-color-text ); font-family: var( --e-global-typography-text-font-family ), Sans-serif; font-size: var( --e-global-typography-text-font-size ); font-weight: var( --e-global-typography-text-font-weight );\">The<\/span> <span class=\"s5\" style=\"color: var( --e-global-color-text ); font-family: var( --e-global-typography-text-font-family ), Sans-serif; font-size: var( --e-global-typography-text-font-size ); font-weight: var( --e-global-typography-text-font-weight );\">poses<\/span><span class=\"s5\" style=\"color: var( --e-global-color-text ); font-family: var( --e-global-typography-text-font-family ), Sans-serif; font-size: var( --e-global-typography-text-font-size ); font-weight: var( --e-global-typography-text-font-weight );\"> or Illegal, among many others. <\/span><span class=\"s6\" style=\"color: var( --e-global-color-text ); font-family: var( --e-global-typography-text-font-family ), Sans-serif; font-size: var( --e-global-typography-text-font-size ); font-weight: var( --e-global-typography-text-font-weight );\">In turn, he participated as a musician and dancer together with the choreographer Carlos Acosta and the Royal Ballet of London in the production of &quot;Carmen&quot;.<\/span><\/p><p class=\"s7\"><span class=\"s6\">For five years <\/span><span class=\"s6\">(2014-2019)<\/span><span class=\"s6\">, took care<\/span><span class=\"s6\"> from the classical music and popular music section of the program <\/span><span class=\"s8\">Asturias x 2 <\/span><span class=\"s6\">for Radio Television of the Principality of Asturias (RTPA)<\/span><span class=\"s6\">.<\/span><\/p><p class=\"s4\"><span class=\"s5\">He has completed other master&#039;s degrees with <\/span><span class=\"s5\">Tuition<\/span><span class=\"s5\"> honors in Musical Training and Teaching, in Musical Research, in Management of Cultural Projects and in Composition for Audiovisual Media<\/span><span class=\"s5\">, from which h<\/span><span class=\"s5\">has written music for film, <\/span><span class=\"s5\">theater,<\/span> <span class=\"s5\">documentaries, advertising and television, as well as numerous orchestral arrangements for different formations or artists.<\/span><\/p><p class=\"s11\"><span class=\"s9\">On his return to <\/span><span class=\"s9\">Spain<\/span><span class=\"s9\"> in 2020 <\/span><span class=\"s9\">began<\/span><span class=\"s9\">\u00a0to create projects <\/span><span class=\"s9\">musicals and <\/span><span class=\"s9\">for different foundations and festivals: <\/span><span class=\"s10\">Intersection<\/span><span class=\"s10\"> Orbital <\/span><span class=\"s9\">(Cycle <\/span><span class=\"s9\">satellites<\/span><span class=\"s9\">, National Orchestra <\/span><span class=\"s9\">Spain<\/span><span class=\"s9\">), <\/span><span class=\"s10\">williams and <\/span><span class=\"s10\">Morricone<\/span><span class=\"s10\"> of <\/span><span class=\"s10\">Camera\u00a0<\/span><span class=\"s9\">(<\/span><span class=\"s9\">Foundation<\/span><span class=\"s9\"> Princess of Asturias), <\/span><span class=\"s10\">Romeo and Juliet <\/span><span class=\"s9\">(Festival of <\/span><span class=\"s9\">Music<\/span><span class=\"s9\"> Of bull), <\/span><span class=\"s10\">feminist enclave <\/span><span class=\"s9\">(<\/span><span class=\"s9\">Foundation<\/span><span class=\"s9\"> Princess of Asturias), <\/span><span class=\"s10\">Asturian Songs <\/span><span class=\"s9\">(Asturian Language Week), <\/span><span class=\"s10\">the ghost wagon <\/span><span class=\"s9\">(Audiovisual Week <\/span><span class=\"s9\">Contemporary<\/span><span class=\"s9\"> of Oviedo) among others. always with his <\/span><span class=\"s9\">philosophy<\/span><span class=\"s9\"> to carry the <\/span><span class=\"s9\">music<\/span> <span class=\"s9\">classical<\/span><span class=\"s9\"> to all <\/span><span class=\"s9\">public<\/span><span class=\"s9\"> and from a creative and interdisciplinary point of view, in 2021 he created the Interdisciplinary Cycle of <\/span><span class=\"s9\">Music\u00a0<\/span><span class=\"s9\">of <\/span><span class=\"s9\">Camera<\/span><span class=\"s9\"> of Oviedo (CIMCO). <\/span><\/p><p class=\"s13\">\u00a0<\/p>\t\t\t\t\t\t\t\t<\/div>\n\t\t\t\t<\/div>\n\t\t\t\t\t<\/div>\n\t\t<\/div>\n\t\t\t\t\t<\/div>\n\t\t<\/section>\n\t\t\t\t<section class=\"elementor-section elementor-top-section elementor-element elementor-element-35dce6e elementor-section-boxed elementor-section-height-default elementor-section-height-default\" data-id=\"35dce6e\" data-element_type=\"section\">\n\t\t\t\t\t\t<div class=\"elementor-container elementor-column-gap-default\">\n\t\t\t\t\t<div class=\"elementor-column elementor-col-100 elementor-top-column elementor-element elementor-element-437ee8f\" data-id=\"437ee8f\" data-element_type=\"column\">\n\t\t\t<div class=\"elementor-widget-wrap elementor-element-populated\">\n\t\t\t\t\t\t<div class=\"elementor-element elementor-element-5a9d63c elementor-align-center elementor-mobile-align-center elementor-tablet-align-center elementor-widget elementor-widget-button\" data-id=\"5a9d63c\" data-element_type=\"widget\" data-widget_type=\"button.default\">\n\t\t\t\t<div class=\"elementor-widget-container\">\n\t\t\t\t\t\t\t\t\t<div class=\"elementor-button-wrapper\">\n\t\t\t\t\t<a class=\"elementor-button elementor-button-link elementor-size-sm\" href=\"https:\/\/www.cristinagestido.com\/en\/contact\/\">\n\t\t\t\t\t\t<span class=\"elementor-button-content-wrapper\">\n\t\t\t\t\t\t\t\t\t<span class=\"elementor-button-text\">Contact<\/span>\n\t\t\t\t\t<\/span>\n\t\t\t\t\t<\/a>\n\t\t\t\t<\/div>\n\t\t\t\t\t\t\t\t<\/div>\n\t\t\t\t<\/div>\n\t\t\t\t\t<\/div>\n\t\t<\/div>\n\t\t\t\t\t<\/div>\n\t\t<\/section>\n\t\t\t\t<\/div>","protected":false},"excerpt":{"rendered":"<p>Biography He was born in Oviedo where he began his studies of piano, violin and viola. After his training at the Oviedo Conservatory, he moved to London to continue his higher education and Master&#039;s studies in viola performance at the Royal College of Music under the tutelage of Andriy Viytovych and Lawrence Power. During his studies [\u2026]<\/p>","protected":false},"author":4,"featured_media":0,"parent":0,"menu_order":12,"comment_status":"closed","ping_status":"closed","template":"elementor_header_footer","meta":{"_joinchat":[],"footnotes":""},"class_list":["post-448","page","type-page","status-publish","hentry"],"yoast_head":"<!-- This site is optimized with the Yoast SEO plugin v24.4 - https:\/\/yoast.com\/wordpress\/plugins\/seo\/ -->\n<title>Bio | Cristina Gestido<\/title>\n<meta name=\"description\" content=\"Cristina, l\u00edder del grupo, es un m\u00fasico que siempre naveg\u00f3 entre varios estilos: por una parte es violinista cl\u00e1sica, formada en el Royal College of Music ...\" \/>\n<meta name=\"robots\" content=\"index, follow, max-snippet:-1, max-image-preview:large, max-video-preview:-1\" \/>\n<link rel=\"canonical\" href=\"https:\/\/www.cristinagestido.com\/en\/bio\/\" \/>\n<meta property=\"og:locale\" content=\"en_US\" \/>\n<meta property=\"og:type\" content=\"article\" \/>\n<meta property=\"og:title\" content=\"Bio | Cristina Gestido\" \/>\n<meta property=\"og:description\" content=\"Cristina, l\u00edder del grupo, es un m\u00fasico que siempre naveg\u00f3 entre varios estilos: por una parte es violinista cl\u00e1sica, formada en el Royal College of Music ...\" \/>\n<meta property=\"og:url\" content=\"https:\/\/www.cristinagestido.com\/en\/bio\/\" \/>\n<meta property=\"og:site_name\" content=\"Cristina Gestido\" \/>\n<meta property=\"article:modified_time\" content=\"2024-01-09T18:50:01+00:00\" \/>\n<meta property=\"og:image\" content=\"https:\/\/www.cristinagestido.com\/wp-content\/uploads\/2023\/08\/gestidobio.jpg\" \/>\n<meta name=\"twitter:card\" content=\"summary_large_image\" \/>\n<script type=\"application\/ld+json\" class=\"yoast-schema-graph\">{\"@context\":\"https:\/\/schema.org\",\"@graph\":[{\"@type\":\"WebPage\",\"@id\":\"https:\/\/www.cristinagestido.com\/bio\/\",\"url\":\"https:\/\/www.cristinagestido.com\/bio\/\",\"name\":\"Bio | Cristina Gestido\",\"isPartOf\":{\"@id\":\"https:\/\/www.cristinagestido.com\/#website\"},\"primaryImageOfPage\":{\"@id\":\"https:\/\/www.cristinagestido.com\/bio\/#primaryimage\"},\"image\":{\"@id\":\"https:\/\/www.cristinagestido.com\/bio\/#primaryimage\"},\"thumbnailUrl\":\"https:\/\/www.cristinagestido.com\/wp-content\/uploads\/2023\/08\/gestidobio.jpg\",\"datePublished\":\"2023-03-28T16:41:33+00:00\",\"dateModified\":\"2024-01-09T18:50:01+00:00\",\"description\":\"Cristina, l\u00edder del grupo, es un m\u00fasico que siempre naveg\u00f3 entre varios estilos: por una parte es violinista cl\u00e1sica, formada en el Royal College of Music ...\",\"breadcrumb\":{\"@id\":\"https:\/\/www.cristinagestido.com\/bio\/#breadcrumb\"},\"inLanguage\":\"en-US\",\"potentialAction\":[{\"@type\":\"ReadAction\",\"target\":[\"https:\/\/www.cristinagestido.com\/bio\/\"]}]},{\"@type\":\"ImageObject\",\"inLanguage\":\"en-US\",\"@id\":\"https:\/\/www.cristinagestido.com\/bio\/#primaryimage\",\"url\":\"https:\/\/www.cristinagestido.com\/wp-content\/uploads\/2023\/08\/gestidobio.jpg\",\"contentUrl\":\"https:\/\/www.cristinagestido.com\/wp-content\/uploads\/2023\/08\/gestidobio.jpg\"},{\"@type\":\"BreadcrumbList\",\"@id\":\"https:\/\/www.cristinagestido.com\/bio\/#breadcrumb\",\"itemListElement\":[{\"@type\":\"ListItem\",\"position\":1,\"name\":\"Inicio\",\"item\":\"https:\/\/www.cristinagestido.com\/\"},{\"@type\":\"ListItem\",\"position\":2,\"name\":\"Bio\"}]},{\"@type\":\"WebSite\",\"@id\":\"https:\/\/www.cristinagestido.com\/#website\",\"url\":\"https:\/\/www.cristinagestido.com\/\",\"name\":\"Cristina Gestido\",\"description\":\"Interpretaci\u00f3n y composici\u00f3n\",\"publisher\":{\"@id\":\"https:\/\/www.cristinagestido.com\/#organization\"},\"potentialAction\":[{\"@type\":\"SearchAction\",\"target\":{\"@type\":\"EntryPoint\",\"urlTemplate\":\"https:\/\/www.cristinagestido.com\/?s={search_term_string}\"},\"query-input\":{\"@type\":\"PropertyValueSpecification\",\"valueRequired\":true,\"valueName\":\"search_term_string\"}}],\"inLanguage\":\"en-US\"},{\"@type\":\"Organization\",\"@id\":\"https:\/\/www.cristinagestido.com\/#organization\",\"name\":\"Cristina Gestido\",\"url\":\"https:\/\/www.cristinagestido.com\/\",\"logo\":{\"@type\":\"ImageObject\",\"inLanguage\":\"en-US\",\"@id\":\"https:\/\/www.cristinagestido.com\/#\/schema\/logo\/image\/\",\"url\":\"https:\/\/www.cristinagestido.com\/wp-content\/uploads\/2023\/08\/ig-1.png\",\"contentUrl\":\"https:\/\/www.cristinagestido.com\/wp-content\/uploads\/2023\/08\/ig-1.png\",\"width\":1920,\"height\":1920,\"caption\":\"Cristina Gestido\"},\"image\":{\"@id\":\"https:\/\/www.cristinagestido.com\/#\/schema\/logo\/image\/\"}}]}<\/script>\n<!-- \/ Yoast SEO plugin. -->","yoast_head_json":{"title":"Bio | Cristina Gestido","description":"Cristina, l\u00edder del grupo, es un m\u00fasico que siempre naveg\u00f3 entre varios estilos: por una parte es violinista cl\u00e1sica, formada en el Royal College of Music ...","robots":{"index":"index","follow":"follow","max-snippet":"max-snippet:-1","max-image-preview":"max-image-preview:large","max-video-preview":"max-video-preview:-1"},"canonical":"https:\/\/www.cristinagestido.com\/en\/bio\/","og_locale":"en_US","og_type":"article","og_title":"Bio | Cristina Gestido","og_description":"Cristina, l\u00edder del grupo, es un m\u00fasico que siempre naveg\u00f3 entre varios estilos: por una parte es violinista cl\u00e1sica, formada en el Royal College of Music ...","og_url":"https:\/\/www.cristinagestido.com\/en\/bio\/","og_site_name":"Cristina Gestido","article_modified_time":"2024-01-09T18:50:01+00:00","og_image":[{"url":"https:\/\/www.cristinagestido.com\/wp-content\/uploads\/2023\/08\/gestidobio.jpg","type":"","width":"","height":""}],"twitter_card":"summary_large_image","schema":{"@context":"https:\/\/schema.org","@graph":[{"@type":"WebPage","@id":"https:\/\/www.cristinagestido.com\/bio\/","url":"https:\/\/www.cristinagestido.com\/bio\/","name":"Bio | Cristina Gestido","isPartOf":{"@id":"https:\/\/www.cristinagestido.com\/#website"},"primaryImageOfPage":{"@id":"https:\/\/www.cristinagestido.com\/bio\/#primaryimage"},"image":{"@id":"https:\/\/www.cristinagestido.com\/bio\/#primaryimage"},"thumbnailUrl":"https:\/\/www.cristinagestido.com\/wp-content\/uploads\/2023\/08\/gestidobio.jpg","datePublished":"2023-03-28T16:41:33+00:00","dateModified":"2024-01-09T18:50:01+00:00","description":"Cristina, l\u00edder del grupo, es un m\u00fasico que siempre naveg\u00f3 entre varios estilos: por una parte es violinista cl\u00e1sica, formada en el Royal College of Music ...","breadcrumb":{"@id":"https:\/\/www.cristinagestido.com\/bio\/#breadcrumb"},"inLanguage":"en-US","potentialAction":[{"@type":"ReadAction","target":["https:\/\/www.cristinagestido.com\/bio\/"]}]},{"@type":"ImageObject","inLanguage":"en-US","@id":"https:\/\/www.cristinagestido.com\/bio\/#primaryimage","url":"https:\/\/www.cristinagestido.com\/wp-content\/uploads\/2023\/08\/gestidobio.jpg","contentUrl":"https:\/\/www.cristinagestido.com\/wp-content\/uploads\/2023\/08\/gestidobio.jpg"},{"@type":"BreadcrumbList","@id":"https:\/\/www.cristinagestido.com\/bio\/#breadcrumb","itemListElement":[{"@type":"ListItem","position":1,"name":"Inicio","item":"https:\/\/www.cristinagestido.com\/"},{"@type":"ListItem","position":2,"name":"Bio"}]},{"@type":"WebSite","@id":"https:\/\/www.cristinagestido.com\/#website","url":"https:\/\/www.cristinagestido.com\/","name":"Cristina Gestido","description":"Interpretaci\u00f3n y composici\u00f3n","publisher":{"@id":"https:\/\/www.cristinagestido.com\/#organization"},"potentialAction":[{"@type":"SearchAction","target":{"@type":"EntryPoint","urlTemplate":"https:\/\/www.cristinagestido.com\/?s={search_term_string}"},"query-input":{"@type":"PropertyValueSpecification","valueRequired":true,"valueName":"search_term_string"}}],"inLanguage":"en-US"},{"@type":"Organization","@id":"https:\/\/www.cristinagestido.com\/#organization","name":"Cristina Gestido","url":"https:\/\/www.cristinagestido.com\/","logo":{"@type":"ImageObject","inLanguage":"en-US","@id":"https:\/\/www.cristinagestido.com\/#\/schema\/logo\/image\/","url":"https:\/\/www.cristinagestido.com\/wp-content\/uploads\/2023\/08\/ig-1.png","contentUrl":"https:\/\/www.cristinagestido.com\/wp-content\/uploads\/2023\/08\/ig-1.png","width":1920,"height":1920,"caption":"Cristina Gestido"},"image":{"@id":"https:\/\/www.cristinagestido.com\/#\/schema\/logo\/image\/"}}]}},"_links":{"self":[{"href":"https:\/\/www.cristinagestido.com\/en\/wp-json\/wp\/v2\/pages\/448","targetHints":{"allow":["GET"]}}],"collection":[{"href":"https:\/\/www.cristinagestido.com\/en\/wp-json\/wp\/v2\/pages"}],"about":[{"href":"https:\/\/www.cristinagestido.com\/en\/wp-json\/wp\/v2\/types\/page"}],"author":[{"embeddable":true,"href":"https:\/\/www.cristinagestido.com\/en\/wp-json\/wp\/v2\/users\/4"}],"replies":[{"embeddable":true,"href":"https:\/\/www.cristinagestido.com\/en\/wp-json\/wp\/v2\/comments?post=448"}],"version-history":[{"count":5,"href":"https:\/\/www.cristinagestido.com\/en\/wp-json\/wp\/v2\/pages\/448\/revisions"}],"predecessor-version":[{"id":1526,"href":"https:\/\/www.cristinagestido.com\/en\/wp-json\/wp\/v2\/pages\/448\/revisions\/1526"}],"wp:attachment":[{"href":"https:\/\/www.cristinagestido.com\/en\/wp-json\/wp\/v2\/media?parent=448"}],"curies":[{"name":"wp","href":"https:\/\/api.w.org\/{rel}","templated":true}]}}